{"version":"1.0","provider_name":"ERIS","provider_url":"https:\/\/nucleomilenioeris.cl\/en","author_name":"FernandoGutzAdmin","author_url":"https:\/\/nucleomilenioeris.cl\/en\/author\/sensecontentsadmin\/","title":"Desde el pensamiento cr\u00edtico hasta la emocionalidad | ERIS","type":"rich","width":600,"height":338,"html":"<blockquote class=\"wp-embedded-content\" data-secret=\"Te5ZQgmvxC\"><a href=\"https:\/\/nucleomilenioeris.cl\/en\/news\/desde-el-pensamiento-critico-hasta-la-emocionalidad\/\">Desde el pensamiento cr\u00edtico hasta la emocionalidad<\/a><\/blockquote><iframe sandbox=\"allow-scripts\" security=\"restricted\" src=\"https:\/\/nucleomilenioeris.cl\/en\/news\/desde-el-pensamiento-critico-hasta-la-emocionalidad\/embed\/#?secret=Te5ZQgmvxC\" width=\"600\" height=\"338\" title=\"&#8220;Desde el pensamiento cr\u00edtico hasta la emocionalidad&#8221; &#8212; ERIS\" data-secret=\"Te5ZQgmvxC\" frameborder=\"0\" marginwidth=\"0\" marginheight=\"0\" scrolling=\"no\" class=\"wp-embedded-content\"><\/iframe><script>\n\/*! This file is auto-generated *\/\n!function(d,l){\"use strict\";l.querySelector&&d.addEventListener&&\"undefined\"!=typeof URL&&(d.wp=d.wp||{},d.wp.receiveEmbedMessage||(d.wp.receiveEmbedMessage=function(e){var t=e.data;if((t||t.secret||t.message||t.value)&&!\/[^a-zA-Z0-9]\/.test(t.secret)){for(var s,r,n,a=l.querySelectorAll('iframe[data-secret=\"'+t.secret+'\"]'),o=l.querySelectorAll('blockquote[data-secret=\"'+t.secret+'\"]'),c=new RegExp(\"^https?:$\",\"i\"),i=0;i<o.length;i++)o[i].style.display=\"none\";for(i=0;i<a.length;i++)s=a[i],e.source===s.contentWindow&&(s.removeAttribute(\"style\"),\"height\"===t.message?(1e3<(r=parseInt(t.value,10))?r=1e3:~~r<200&&(r=200),s.height=r):\"link\"===t.message&&(r=new URL(s.getAttribute(\"src\")),n=new URL(t.value),c.test(n.protocol))&&n.host===r.host&&l.activeElement===s&&(d.top.location.href=t.value))}},d.addEventListener(\"message\",d.wp.receiveEmbedMessage,!1),l.addEventListener(\"DOMContentLoaded\",function(){for(var e,t,s=l.querySelectorAll(\"iframe.wp-embedded-content\"),r=0;r<s.length;r++)(t=(e=s[r]).getAttribute(\"data-secret\"))||(t=Math.random().toString(36).substring(2,12),e.src+=\"#?secret=\"+t,e.setAttribute(\"data-secret\",t)),e.contentWindow.postMessage({message:\"ready\",secret:t},\"*\")},!1)))}(window,document);\n<\/script>\n","thumbnail_url":"https:\/\/nucleomilenioeris.cl\/wp-content\/uploads\/2024\/03\/Gen-scaled.jpg","thumbnail_width":2560,"thumbnail_height":953,"description":"El N\u00facleo Milenio ERIS, a trav\u00e9s de su programa Gen Universal y por medio del plan Proyecci\u00f3n al Medio Externo (PME), tienen como objetivo abordar la frustraci\u00f3n en estudiantes de ense\u00f1anza b\u00e1sica, aprovechando el m\u00e9todo cient\u00edfico como herramienta clave. El PME surge como respuesta a la necesidad detectada entre alumnos y profesores de los establecimientos [&hellip;]"}